{"id":14168,"date":"2025-12-12T11:36:30","date_gmt":"2025-12-12T11:36:30","guid":{"rendered":"https:\/\/oportofortegroup.com\/?post_type=event&#038;p=14168"},"modified":"2025-12-17T14:30:56","modified_gmt":"2025-12-17T14:30:56","slug":"visita-de-natal-a-associacao-social-e-cultura-de-s-nicolau","status":"publish","type":"event","link":"https:\/\/oportofortegroup.com\/pt\/eventos\/visita-de-natal-a-associacao-social-e-cultura-de-s-nicolau\/","title":{"rendered":"Visita de Natal \u00e0 Associa\u00e7\u00e3o Social e Cultural de S. Nicolau"},"content":{"rendered":"\t\t<div data-elementor-type=\"wp-post\" data-elementor-id=\"14168\" class=\"elementor elementor-14168\">\n\t\t\t\t<div class=\"elementor-element elementor-element-a0b0870 e-flex e-con-boxed e-con e-parent\" data-id=\"a0b0870\" data-element_type=\"container\" data-e-type=\"container\">\r\n\t\t\t\t\t<div class=\"e-con-inner\">\r\n\t\t\t\t<div class=\"elementor-element elementor-element-1dec51c elementor-widget elementor-widget-text-editor\" data-id=\"1dec51c\" data-element_type=\"widget\" data-e-type=\"widget\" data-widget_type=\"text-editor.default\">\n\t\t\t\t<div class=\"elementor-widget-container\">\n\t\t\t\t\t\t\t\t\t<p data-start=\"254\" data-end=\"505\">No dia 11 de dezembro,\u00a0 o Oporto Forte Group viveu um momento especial ao marcar presen\u00e7a na <strong data-start=\"340\" data-end=\"386\">Associa\u00e7\u00e3o Social e Cultural de S. Nicolau<\/strong>, numa iniciativa pensada com base no <strong data-start=\"424\" data-end=\"455\">esp\u00edrito solid\u00e1rio do Natal<\/strong> e na vontade de estar mais pr\u00f3ximo da comunidade.<\/p><p data-start=\"507\" data-end=\"776\">Foi uma tarde marcada pela <strong data-start=\"534\" data-end=\"573\">partilha, boa disposi\u00e7\u00e3o e conv\u00edvio<\/strong>, com v\u00e1rias <strong data-start=\"586\" data-end=\"612\">atividades recreativas<\/strong>, como momentos de <strong data-start=\"631\" data-end=\"642\">pintura<\/strong>, <strong data-start=\"644\" data-end=\"677\">m\u00fasica tradicional portuguesa<\/strong> e um <strong data-start=\"683\" data-end=\"711\">lanche com doces t\u00edpicos<\/strong>, que ajudaram a criar um ambiente acolhedor e cheio de sorrisos.<\/p><p data-start=\"778\" data-end=\"1090\">Mais do que uma a\u00e7\u00e3o social, este foi um encontro genu\u00edno entre pessoas, onde a alegria e a simplicidade fizeram toda a diferen\u00e7a. Para o OFG, iniciativas como esta refor\u00e7am a import\u00e2ncia de as empresas assumirem um papel ativo na <strong data-start=\"1009\" data-end=\"1036\">responsabilidade social<\/strong>, especialmente numa \u00e9poca t\u00e3o simb\u00f3lica como o Natal.<\/p><p data-start=\"1092\" data-end=\"1312\">Sa\u00edmos deste encontro com a certeza de que pequenos gestos t\u00eam um grande impacto e com a esperan\u00e7a de que cada vez mais empresas se juntem a este caminho de <strong data-start=\"1249\" data-end=\"1311\">solidariedade, proximidade e envolvimento com a comunidade<\/strong>.<\/p>\t\t\t\t\t\t\t\t<\/div>\n\t\t\t\t<\/div>\n\t\t\t\t\t<\/div>\n\t\t\t\t<\/div>\n\t\t<div class=\"elementor-element elementor-element-2b08a02 e-flex e-con-boxed e-con e-parent\" data-id=\"2b08a02\" data-element_type=\"container\" data-e-type=\"container\">\r\n\t\t\t\t\t<div class=\"e-con-inner\">\r\n\t\t\t\t<div class=\"elementor-element elementor-element-759e080 elementor-widget elementor-widget-porto_image_gallery\" data-id=\"759e080\" data-element_type=\"widget\" data-e-type=\"widget\" data-settings=\"{&quot;view&quot;:&quot;grid&quot;,&quot;spacing&quot;:{&quot;unit&quot;:&quot;px&quot;,&quot;size&quot;:&quot;&quot;,&quot;sizes&quot;:[]}}\" data-widget_type=\"porto_image_gallery.default\">\n\t\t\t\t<div class=\"elementor-widget-container\">\n\t\t\t\t\t<div class=\"porto-gallery has-ccols ccols-1 ccols-sm-2 ccols-md-3 porto-gallery-grid align-items-start\"><figure><img fetchpriority=\"high\" decoding=\"async\" width=\"1920\" height=\"2560\" src=\"https:\/\/oportofortegroup.com\/wp-content\/uploads\/2025\/12\/WhatsApp-Image-2025-12-12-at-09.54.00-scaled.jpeg\" class=\"attachment-full size-full\" alt=\"\" srcset=\"https:\/\/oportofortegroup.com\/wp-content\/uploads\/2025\/12\/WhatsApp-Image-2025-12-12-at-09.54.00-scaled.jpeg 1920w, https:\/\/oportofortegroup.com\/wp-content\/uploads\/2025\/12\/WhatsApp-Image-2025-12-12-at-09.54.00-768x1024.jpeg 768w, https:\/\/oportofortegroup.com\/wp-content\/uploads\/2025\/12\/WhatsApp-Image-2025-12-12-at-09.54.00-1152x1536.jpeg 1152w, https:\/\/oportofortegroup.com\/wp-content\/uploads\/2025\/12\/WhatsApp-Image-2025-12-12-at-09.54.00-1536x2048.jpeg 1536w, https:\/\/oportofortegroup.com\/wp-content\/uploads\/2025\/12\/WhatsApp-Image-2025-12-12-at-09.54.00-640x853.jpeg 640w, https:\/\/oportofortegroup.com\/wp-content\/uploads\/2025\/12\/WhatsApp-Image-2025-12-12-at-09.54.00-400x533.jpeg 400w\" sizes=\"(max-width: 1920px) 100vw, 1920px\" \/><\/figure><figure><img decoding=\"async\" width=\"1920\" height=\"2560\" src=\"https:\/\/oportofortegroup.com\/wp-content\/uploads\/2025\/12\/WhatsApp-Image-2025-12-12-at-09.51.03-1-scaled.jpeg\" class=\"attachment-full size-full\" alt=\"\" srcset=\"https:\/\/oportofortegroup.com\/wp-content\/uploads\/2025\/12\/WhatsApp-Image-2025-12-12-at-09.51.03-1-scaled.jpeg 1920w, https:\/\/oportofortegroup.com\/wp-content\/uploads\/2025\/12\/WhatsApp-Image-2025-12-12-at-09.51.03-1-768x1024.jpeg 768w, https:\/\/oportofortegroup.com\/wp-content\/uploads\/2025\/12\/WhatsApp-Image-2025-12-12-at-09.51.03-1-1152x1536.jpeg 1152w, https:\/\/oportofortegroup.com\/wp-content\/uploads\/2025\/12\/WhatsApp-Image-2025-12-12-at-09.51.03-1-1536x2048.jpeg 1536w, https:\/\/oportofortegroup.com\/wp-content\/uploads\/2025\/12\/WhatsApp-Image-2025-12-12-at-09.51.03-1-640x853.jpeg 640w, https:\/\/oportofortegroup.com\/wp-content\/uploads\/2025\/12\/WhatsApp-Image-2025-12-12-at-09.51.03-1-400x533.jpeg 400w\" sizes=\"(max-width: 1920px) 100vw, 1920px\" \/><\/figure><figure><img decoding=\"async\" width=\"1536\" height=\"2048\" src=\"https:\/\/oportofortegroup.com\/wp-content\/uploads\/2025\/12\/WhatsApp-Image-2025-12-15-at-09.02.05.jpeg\" class=\"attachment-full size-full\" alt=\"\" srcset=\"https:\/\/oportofortegroup.com\/wp-content\/uploads\/2025\/12\/WhatsApp-Image-2025-12-15-at-09.02.05.jpeg 1536w, https:\/\/oportofortegroup.com\/wp-content\/uploads\/2025\/12\/WhatsApp-Image-2025-12-15-at-09.02.05-768x1024.jpeg 768w, https:\/\/oportofortegroup.com\/wp-content\/uploads\/2025\/12\/WhatsApp-Image-2025-12-15-at-09.02.05-1152x1536.jpeg 1152w, https:\/\/oportofortegroup.com\/wp-content\/uploads\/2025\/12\/WhatsApp-Image-2025-12-15-at-09.02.05-640x853.jpeg 640w, https:\/\/oportofortegroup.com\/wp-content\/uploads\/2025\/12\/WhatsApp-Image-2025-12-15-at-09.02.05-400x533.jpeg 400w\" sizes=\"(max-width: 1536px) 100vw, 1536px\" \/><\/figure><figure><img loading=\"lazy\" decoding=\"async\" width=\"1920\" height=\"2560\" src=\"https:\/\/oportofortegroup.com\/wp-content\/uploads\/2025\/12\/WhatsApp-Image-2025-12-12-at-09.51.03-scaled.jpeg\" class=\"attachment-full size-full\" alt=\"\" srcset=\"https:\/\/oportofortegroup.com\/wp-content\/uploads\/2025\/12\/WhatsApp-Image-2025-12-12-at-09.51.03-scaled.jpeg 1920w, https:\/\/oportofortegroup.com\/wp-content\/uploads\/2025\/12\/WhatsApp-Image-2025-12-12-at-09.51.03-768x1024.jpeg 768w, https:\/\/oportofortegroup.com\/wp-content\/uploads\/2025\/12\/WhatsApp-Image-2025-12-12-at-09.51.03-1152x1536.jpeg 1152w, https:\/\/oportofortegroup.com\/wp-content\/uploads\/2025\/12\/WhatsApp-Image-2025-12-12-at-09.51.03-1536x2048.jpeg 1536w, https:\/\/oportofortegroup.com\/wp-content\/uploads\/2025\/12\/WhatsApp-Image-2025-12-12-at-09.51.03-640x853.jpeg 640w, https:\/\/oportofortegroup.com\/wp-content\/uploads\/2025\/12\/WhatsApp-Image-2025-12-12-at-09.51.03-400x533.jpeg 400w\" sizes=\"(max-width: 1920px) 100vw, 1920px\" \/><\/figure><figure><img loading=\"lazy\" decoding=\"async\" width=\"1536\" height=\"2048\" src=\"https:\/\/oportofortegroup.com\/wp-content\/uploads\/2025\/12\/WhatsApp-Image-2025-12-15-at-09.02.00.jpeg\" class=\"attachment-full size-full\" alt=\"\" srcset=\"https:\/\/oportofortegroup.com\/wp-content\/uploads\/2025\/12\/WhatsApp-Image-2025-12-15-at-09.02.00.jpeg 1536w, https:\/\/oportofortegroup.com\/wp-content\/uploads\/2025\/12\/WhatsApp-Image-2025-12-15-at-09.02.00-768x1024.jpeg 768w, https:\/\/oportofortegroup.com\/wp-content\/uploads\/2025\/12\/WhatsApp-Image-2025-12-15-at-09.02.00-1152x1536.jpeg 1152w, https:\/\/oportofortegroup.com\/wp-content\/uploads\/2025\/12\/WhatsApp-Image-2025-12-15-at-09.02.00-640x853.jpeg 640w, https:\/\/oportofortegroup.com\/wp-content\/uploads\/2025\/12\/WhatsApp-Image-2025-12-15-at-09.02.00-400x533.jpeg 400w\" sizes=\"(max-width: 1536px) 100vw, 1536px\" \/><\/figure><figure><img loading=\"lazy\" decoding=\"async\" width=\"1920\" height=\"2560\" src=\"https:\/\/oportofortegroup.com\/wp-content\/uploads\/2025\/12\/WhatsApp-Image-2025-12-12-at-09.50.48-scaled.jpeg\" class=\"attachment-full size-full\" alt=\"\" srcset=\"https:\/\/oportofortegroup.com\/wp-content\/uploads\/2025\/12\/WhatsApp-Image-2025-12-12-at-09.50.48-scaled.jpeg 1920w, https:\/\/oportofortegroup.com\/wp-content\/uploads\/2025\/12\/WhatsApp-Image-2025-12-12-at-09.50.48-768x1024.jpeg 768w, https:\/\/oportofortegroup.com\/wp-content\/uploads\/2025\/12\/WhatsApp-Image-2025-12-12-at-09.50.48-1152x1536.jpeg 1152w, https:\/\/oportofortegroup.com\/wp-content\/uploads\/2025\/12\/WhatsApp-Image-2025-12-12-at-09.50.48-1536x2048.jpeg 1536w, https:\/\/oportofortegroup.com\/wp-content\/uploads\/2025\/12\/WhatsApp-Image-2025-12-12-at-09.50.48-640x853.jpeg 640w, https:\/\/oportofortegroup.com\/wp-content\/uploads\/2025\/12\/WhatsApp-Image-2025-12-12-at-09.50.48-400x533.jpeg 400w\" sizes=\"(max-width: 1920px) 100vw, 1920px\" \/><\/figure><\/div>\t\t\t\t<\/div>\n\t\t\t\t<\/div>\n\t\t\t\t<div class=\"elementor-element elementor-element-53b0bbb elementor-widget elementor-widget-video\" data-id=\"53b0bbb\" data-element_type=\"widget\" data-e-type=\"widget\" data-settings=\"{&quot;video_type&quot;:&quot;hosted&quot;,&quot;controls&quot;:&quot;yes&quot;}\" data-widget_type=\"video.default\">\n\t\t\t\t<div class=\"elementor-widget-container\">\n\t\t\t\t\t\t\t<div class=\"e-hosted-video elementor-wrapper elementor-open-inline\">\n\t\t\t\t\t<video class=\"elementor-video\" src=\"https:\/\/oportofortegroup.com\/wp-content\/uploads\/2025\/12\/WhatsApp-Video-2025-12-12-at-09.46.10.mp4\" controls=\"\" preload=\"metadata\" controlsList=\"nodownload\"><\/video>\n\t\t\t\t<\/div>\n\t\t\t\t\t\t<\/div>\n\t\t\t\t<\/div>\n\t\t\t\t\t<\/div>\n\t\t\t\t<\/div>\n\t\t\t\t<\/div>\n\t\t","protected":false},"excerpt":{"rendered":"<p>No dia 11 de dezembro,\u00a0 o Oporto Forte Group viveu um momento especial ao marcar presen\u00e7a na Associa\u00e7\u00e3o Social e Cultural de S. Nicolau, numa iniciativa pensada com base no esp\u00edrito solid\u00e1rio do Natal e na vontade de estar mais pr\u00f3ximo da comunidade. Foi uma tarde marcada pela partilha, boa disposi\u00e7\u00e3o e conv\u00edvio, com v\u00e1rias [&hellip;]<\/p>\n","protected":false},"featured_media":14174,"menu_order":0,"template":"","class_list":["post-14168","event","type-event","status-publish","has-post-thumbnail","hentry"],"acf":[],"_links":{"self":[{"href":"https:\/\/oportofortegroup.com\/pt\/wp-json\/wp\/v2\/event\/14168","targetHints":{"allow":["GET"]}}],"collection":[{"href":"https:\/\/oportofortegroup.com\/pt\/wp-json\/wp\/v2\/event"}],"about":[{"href":"https:\/\/oportofortegroup.com\/pt\/wp-json\/wp\/v2\/types\/event"}],"version-history":[{"count":14,"href":"https:\/\/oportofortegroup.com\/pt\/wp-json\/wp\/v2\/event\/14168\/revisions"}],"predecessor-version":[{"id":14235,"href":"https:\/\/oportofortegroup.com\/pt\/wp-json\/wp\/v2\/event\/14168\/revisions\/14235"}],"wp:featuredmedia":[{"embeddable":true,"href":"https:\/\/oportofortegroup.com\/pt\/wp-json\/wp\/v2\/media\/14174"}],"wp:attachment":[{"href":"https:\/\/oportofortegroup.com\/pt\/wp-json\/wp\/v2\/media?parent=14168"}],"curies":[{"name":"wp","href":"https:\/\/api.w.org\/{rel}","templated":true}]}}