{"id":10444,"date":"2024-10-28T10:15:55","date_gmt":"2024-10-28T10:15:55","guid":{"rendered":"https:\/\/oportofortegroup.com\/?post_type=event&#038;p=10444"},"modified":"2025-12-04T16:23:09","modified_gmt":"2025-12-04T16:23:09","slug":"atelier-petit-dejeuner-leadership-conscient","status":"publish","type":"event","link":"https:\/\/oportofortegroup.com\/fr\/eventos\/breakfast-workshop-lideranca-consciente\/","title":{"rendered":"Atelier petit-d\u00e9jeuner - Leadership conscient"},"content":{"rendered":"<div data-elementor-type=\"wp-post\" data-elementor-id=\"10444\" class=\"elementor elementor-10444\">\n\t\t\t\t<div class=\"elementor-element elementor-element-7886940 e-flex e-con-boxed e-con e-parent\" data-id=\"7886940\" data-element_type=\"container\" data-e-type=\"container\">\r\n\t\t\t\t\t<div class=\"e-con-inner\">\r\n\t\t\t\t<div class=\"elementor-element elementor-element-276415e elementor-widget elementor-widget-heading\" data-id=\"276415e\" data-element_type=\"widget\" data-e-type=\"widget\" data-widget_type=\"heading.default\">\n\t\t\t\t<div class=\"elementor-widget-container\">\n\t\t\t\t\t<h4 class=\"elementor-heading-title elementor-size-default\">Le leadership conscient en 2024 : une r\u00e9flexion n\u00e9cessaire sur l'avenir des organisations.<\/h4>\t\t\t\t<\/div>\n\t\t\t\t<\/div>\n\t\t\t\t<div class=\"elementor-element elementor-element-e142dcc elementor-widget elementor-widget-text-editor\" data-id=\"e142dcc\" data-element_type=\"widget\" data-e-type=\"widget\" data-widget_type=\"text-editor.default\">\n\t\t\t\t<div class=\"elementor-widget-container\">\n\t\t\t\t\t\t\t\t\t<p>Dans le rythme effr\u00e9n\u00e9 de l'\u00e8re num\u00e9rique, o\u00f9 l'adaptabilit\u00e9 et la pr\u00e9voyance sont devenues des comp\u00e9tences professionnelles essentielles, il est imp\u00e9ratif de r\u00e9fl\u00e9chir aux transformations du paysage du leadership. \u00c0 une \u00e9poque o\u00f9 les organisations sont confront\u00e9es \u00e0 des d\u00e9fis multiples, allant de l'int\u00e9gration technologique \u00e0 la gestion d'\u00e9quipes diverses et mondialis\u00e9es, il est vital d'aborder le leadership avec conscience et d\u00e9termination.<\/p><p>C'est dans cet esprit que le 25 octobre, OFG | Oporto Forte Group a ouvert les portes de ses bureaux au c\u0153ur de Porto pour une r\u00e9union exclusive. En pr\u00e9sence d'\u00e9minents dirigeants et professionnels, cet \u00e9v\u00e9nement a \u00e9t\u00e9 l'occasion d'une matin\u00e9e riche en enseignements et en partages, ax\u00e9e sur la figure du leadership conscient qui fa\u00e7onnera l'avenir des organisations en 2024 et au-del\u00e0.<\/p>\t\t\t\t\t\t\t\t<\/div>\n\t\t\t\t<\/div>\n\t\t\t\t<div class=\"elementor-element elementor-element-6b4d7cd elementor-widget elementor-widget-heading\" data-id=\"6b4d7cd\" data-element_type=\"widget\" data-e-type=\"widget\" data-widget_type=\"heading.default\">\n\t\t\t\t<div class=\"elementor-widget-container\">\n\t\t\t\t\t<h4 class=\"elementor-heading-title elementor-size-default\">Un aper\u00e7u de l'\u00e9v\u00e9nement<\/h4>\t\t\t\t<\/div>\n\t\t\t\t<\/div>\n\t\t\t\t<div class=\"elementor-element elementor-element-d36413a elementor-widget elementor-widget-text-editor\" data-id=\"d36413a\" data-element_type=\"widget\" data-e-type=\"widget\" data-widget_type=\"text-editor.default\">\n\t\t\t\t<div class=\"elementor-widget-container\">\n\t\t\t\t\t\t\t\t\t<p><span style=\"font-size: 14px;\">Lors du r\u00e9cent atelier consacr\u00e9 au \"Leadership conscient en 2024\", nous avons approfondi les d\u00e9fis \u00e9mergents du monde de l'entreprise. Gr\u00e2ce \u00e0 l'expertise de la c\u00e9l\u00e8bre Esther Liska, nous avons non seulement abord\u00e9 les tendances futures, mais aussi dot\u00e9 les dirigeants d'aujourd'hui d'outils et de perspectives essentiels pour un paysage en constante \u00e9volution.<\/span><\/p><ul><li><span style=\"font-size: 14px;\">Acquisition et fid\u00e9lisation des talents : Comment d\u00e9couvrir et retenir les meilleurs professionnels sur le march\u00e9 concurrentiel d'aujourd'hui.<\/span><\/li><li><span style=\"font-size: 14px;\">L'engagement des \u00e9quipes : L'art d\u00e9licat de motiver et d'engager des \u00e9quipes dans un environnement en constante \u00e9volution.<\/span><\/li><li><span style=\"font-size: 14px;\">Communication assertive : L'importance d'\u00e9tablir des canaux de communication clairs entre les dirigeants et leurs \u00e9quipes.<\/span><\/li><li><span style=\"font-size: 14px;\">\u00c9quilibre et d\u00e9l\u00e9gation : la lutte contre le perfectionnisme et la n\u00e9cessit\u00e9 de faire confiance et de d\u00e9l\u00e9guer des responsabilit\u00e9s.<\/span><\/li><\/ul>\t\t\t\t\t\t\t\t<\/div>\n\t\t\t\t<\/div>\n\t\t\t\t<div class=\"elementor-element elementor-element-0aed4bf elementor-widget elementor-widget-heading\" data-id=\"0aed4bf\" data-element_type=\"widget\" data-e-type=\"widget\" data-widget_type=\"heading.default\">\n\t\t\t\t<div class=\"elementor-widget-container\">\n\t\t\t\t\t<h4 class=\"elementor-heading-title elementor-size-default\">A propos de l'orateur : Esther Liska<\/h4>\t\t\t\t<\/div>\n\t\t\t\t<\/div>\n\t\t\t\t<div class=\"elementor-element elementor-element-2ebb44d elementor-widget elementor-widget-text-editor\" data-id=\"2ebb44d\" data-element_type=\"widget\" data-e-type=\"widget\" data-widget_type=\"text-editor.default\">\n\t\t\t\t<div class=\"elementor-widget-container\">\n\t\t\t\t\t\t\t\t\t<p>Avec plus de deux d\u00e9cennies d'exp\u00e9rience professionnelle, Esther Liska est une r\u00e9f\u00e9rence en mati\u00e8re d'entrepreneuriat f\u00e9minin et de leadership conscient. Sa vaste exp\u00e9rience internationale et sa formation de pointe lui conf\u00e8rent une perspective unique sur les d\u00e9fis auxquels les organisations sont confront\u00e9es aujourd'hui et sur la mani\u00e8re dont elles peuvent les surmonter pour prosp\u00e9rer en 2024 et au-del\u00e0.<\/p>\t\t\t\t\t\t\t\t<\/div>\n\t\t\t\t<\/div>\n\t\t\t\t<div class=\"elementor-element elementor-element-136f0b5 elementor-widget elementor-widget-heading\" data-id=\"136f0b5\" data-element_type=\"widget\" data-e-type=\"widget\" data-widget_type=\"heading.default\">\n\t\t\t\t<div class=\"elementor-widget-container\">\n\t\t\t\t\t<h4 class=\"elementor-heading-title elementor-size-default\">Faites passer votre organisation au niveau sup\u00e9rieur<\/h4>\t\t\t\t<\/div>\n\t\t\t\t<\/div>\n\t\t\t\t<div class=\"elementor-element elementor-element-a31290d elementor-widget elementor-widget-text-editor\" data-id=\"a31290d\" data-element_type=\"widget\" data-e-type=\"widget\" data-widget_type=\"text-editor.default\">\n\t\t\t\t<div class=\"elementor-widget-container\">\n\t\t\t\t\t\t\t\t\t<p>Si votre entreprise aspire \u00e0 int\u00e9grer les meilleures pratiques du leadership conscient, le moment est venu. R\u00e9servez une visite de diagnostic avec notre partenaire Esther Liska et d\u00e9couvrez comment son approche peut r\u00e9volutionner le management dans votre organisation.<\/p><p><strong>Pr\u00eat \u00e0 d\u00e9velopper votre entreprise avec conscience et en accord avec une nouvelle vision du leadership ?<\/strong><\/p>\t\t\t\t\t\t\t\t<\/div>\n\t\t\t\t<\/div>\n\t\t\t\t<div class=\"elementor-element elementor-element-8846465 elementor-widget elementor-widget-heading\" data-id=\"8846465\" data-element_type=\"widget\" data-e-type=\"widget\" data-widget_type=\"heading.default\">\n\t\t\t\t<div class=\"elementor-widget-container\">\n\t\t\t\t\t<h6 class=\"elementor-heading-title elementor-size-default\">D\u00e9couvrez les images de l'\u00e9v\u00e9nement :<\/h6>\t\t\t\t<\/div>\n\t\t\t\t<\/div>\n\t\t\t\t<div class=\"elementor-element elementor-element-2f68597 elementor-arrows-position-inside elementor-pagination-position-outside elementor-widget elementor-widget-image-carousel\" data-id=\"2f68597\" data-element_type=\"widget\" data-e-type=\"widget\" data-settings=\"{&quot;slides_to_show&quot;:&quot;1&quot;,&quot;navigation&quot;:&quot;both&quot;,&quot;autoplay&quot;:&quot;yes&quot;,&quot;pause_on_hover&quot;:&quot;yes&quot;,&quot;pause_on_interaction&quot;:&quot;yes&quot;,&quot;autoplay_speed&quot;:5000,&quot;infinite&quot;:&quot;yes&quot;,&quot;effect&quot;:&quot;slide&quot;,&quot;speed&quot;:500}\" data-widget_type=\"image-carousel.default\">\n\t\t\t\t<div class=\"elementor-widget-container\">\n\t\t\t\t\t\t\t<div class=\"elementor-image-carousel-wrapper swiper\" role=\"region\" aria-roledescription=\"carousel\" aria-label=\"Carrousel d&#039;images\" dir=\"ltr\" data-no-translation-aria-label=\"\">\n\t\t\t<div class=\"elementor-image-carousel swiper-wrapper\" aria-live=\"off\">\n\t\t\t\t\t\t\t\t<div class=\"swiper-slide\" role=\"group\" aria-roledescription=\"slide\" aria-label=\"1 de 8\" data-no-translation-aria-label=\"\"><figure class=\"swiper-slide-inner\"><img decoding=\"async\" class=\"swiper-slide-image\" src=\"https:\/\/oportofortegroup.com\/wp-content\/uploads\/2025\/04\/86b9ba2359d68583fa1e070198f20315-768x1024.jpg\" alt=\"86b9ba2359d68583fa1e070198f20315\" \/><\/figure><\/div><div class=\"swiper-slide\" role=\"group\" aria-roledescription=\"slide\" aria-label=\"2 de 8\" data-no-translation-aria-label=\"\"><figure class=\"swiper-slide-inner\"><img decoding=\"async\" class=\"swiper-slide-image\" src=\"https:\/\/oportofortegroup.com\/wp-content\/uploads\/2025\/04\/01761c1839b394cb4db06d0c0ca0fb06-1024x768.jpg\" alt=\"01761c1839b394cb4db06d0c0ca0fb06\" \/><\/figure><\/div><div class=\"swiper-slide\" role=\"group\" aria-roledescription=\"slide\" aria-label=\"3 de 8\" data-no-translation-aria-label=\"\"><figure class=\"swiper-slide-inner\"><img decoding=\"async\" class=\"swiper-slide-image\" src=\"https:\/\/oportofortegroup.com\/wp-content\/uploads\/2025\/04\/ba85c1c7817b876a676354698aa2ac36-768x1024.jpg\" alt=\"ba85c1c7817b876a676354698aa2ac36\" \/><\/figure><\/div><div class=\"swiper-slide\" role=\"group\" aria-roledescription=\"slide\" aria-label=\"4 de 8\" data-no-translation-aria-label=\"\"><figure class=\"swiper-slide-inner\"><img decoding=\"async\" class=\"swiper-slide-image\" src=\"https:\/\/oportofortegroup.com\/wp-content\/uploads\/2025\/04\/c65e23f37647c0780b548a7d3b75b120-768x1024.jpg\" alt=\"c65e23f37647c0780b548a7d3b75b120\" \/><\/figure><\/div><div class=\"swiper-slide\" role=\"group\" aria-roledescription=\"slide\" aria-label=\"5 de 8\" data-no-translation-aria-label=\"\"><figure class=\"swiper-slide-inner\"><img decoding=\"async\" class=\"swiper-slide-image\" src=\"https:\/\/oportofortegroup.com\/wp-content\/uploads\/2025\/04\/dd9464c9ca7d3eb665476d8fc518d289-768x1024.jpg\" alt=\"dd9464c9ca7d3eb665476d8fc518d289\" \/><\/figure><\/div><div class=\"swiper-slide\" role=\"group\" aria-roledescription=\"slide\" aria-label=\"6 de 8\" data-no-translation-aria-label=\"\"><figure class=\"swiper-slide-inner\"><img decoding=\"async\" class=\"swiper-slide-image\" src=\"https:\/\/oportofortegroup.com\/wp-content\/uploads\/2025\/04\/dee8fc810979a2bdc31c6888b1874c41-1024x768.jpg\" alt=\"dee8fc810979a2bdc31c6888b1874c41\" \/><\/figure><\/div><div class=\"swiper-slide\" role=\"group\" aria-roledescription=\"slide\" aria-label=\"7 de 8\" data-no-translation-aria-label=\"\"><figure class=\"swiper-slide-inner\"><img decoding=\"async\" class=\"swiper-slide-image\" src=\"https:\/\/oportofortegroup.com\/wp-content\/uploads\/2025\/04\/f6a544cd8c6b21ee2c83ab52572822aa-1024x768.jpg\" alt=\"f6a544cd8c6b21ee2c83ab52572822aa\" \/><\/figure><\/div><div class=\"swiper-slide\" role=\"group\" aria-roledescription=\"slide\" aria-label=\"8 de 8\" data-no-translation-aria-label=\"\"><figure class=\"swiper-slide-inner\"><img decoding=\"async\" class=\"swiper-slide-image\" src=\"https:\/\/oportofortegroup.com\/wp-content\/uploads\/2025\/04\/f810bfebf4fc3ca9a1fb230555a183ca-768x1024.jpg\" alt=\"f810bfebf4fc3ca9a1fb230555a183ca\" \/><\/figure><\/div>\t\t\t<\/div>\n\t\t\t\t\t\t\t\t\t\t\t\t<div class=\"elementor-swiper-button elementor-swiper-button-prev\" role=\"button\" tabindex=\"0\">\n\t\t\t\t\t\t<svg aria-hidden=\"true\" class=\"e-font-icon-svg e-eicon-chevron-left\" viewbox=\"0 0 1000 1000\" xmlns=\"http:\/\/www.w3.org\/2000\/svg\"><path d=\"M646 125C629 125 613 133 604 142L308 442C296 454 292 471 292 487 292 504 296 521 308 533L604 854C617 867 629 875 646 875 663 875 679 871 692 858 704 846 713 829 713 812 713 796 708 779 692 767L438 487 692 225C700 217 708 204 708 187 708 171 704 154 692 142 675 129 663 125 646 125Z\"><\/path><\/svg>\t\t\t\t\t<\/div>\n\t\t\t\t\t<div class=\"elementor-swiper-button elementor-swiper-button-next\" role=\"button\" tabindex=\"0\">\n\t\t\t\t\t\t<svg aria-hidden=\"true\" class=\"e-font-icon-svg e-eicon-chevron-right\" viewbox=\"0 0 1000 1000\" xmlns=\"http:\/\/www.w3.org\/2000\/svg\"><path d=\"M696 533C708 521 713 504 713 487 713 471 708 454 696 446L400 146C388 133 375 125 354 125 338 125 325 129 313 142 300 154 292 171 292 187 292 204 296 221 308 233L563 492 304 771C292 783 288 800 288 817 288 833 296 850 308 863 321 871 338 875 354 875 371 875 388 867 400 854L696 533Z\"><\/path><\/svg>\t\t\t\t\t<\/div>\n\t\t\t\t\n\t\t\t\t\t\t\t\t\t<div class=\"swiper-pagination\"><\/div>\n\t\t\t\t\t\t\t\t\t<\/div>\n\t\t\t\t\t\t<\/div>\n\t\t\t\t<\/div>\n\t\t\t\t<div class=\"elementor-element elementor-element-9e27ccb elementor-widget elementor-widget-spacer\" data-id=\"9e27ccb\" data-element_type=\"widget\" data-e-type=\"widget\" data-widget_type=\"spacer.default\">\n\t\t\t\t<div class=\"elementor-widget-container\">\n\t\t\t\t\t\t\t<div class=\"elementor-spacer\">\n\t\t\t<div class=\"elementor-spacer-inner\"><\/div>\n\t\t<\/div>\n\t\t\t\t\t\t<\/div>\n\t\t\t\t<\/div>\n\t\t\t\t\t<\/div>\n\t\t\t\t<\/div>\n\t\t\t\t<\/div>","protected":false},"excerpt":{"rendered":"<p>Lideran\u00e7a Consciente em 2024: uma reflex\u00e3o necess\u00e1ria sobre o futuro das organiza\u00e7\u00f5es. No ritmo fren\u00e9tico da era digital, onde a adaptabilidade e a previs\u00e3o tornam-se habilidades empresariais essenciais, \u00e9 imperativo refletir sobre as transforma\u00e7\u00f5es na paisagem da lideran\u00e7a. Num momento em que as organiza\u00e7\u00f5es enfrentam desafios multifacetados, desde a integra\u00e7\u00e3o tecnol\u00f3gica \u00e0 gest\u00e3o de equipas [&hellip;]<\/p>\n","protected":false},"featured_media":10498,"menu_order":0,"template":"elementor_theme","class_list":["post-10444","event","type-event","status-publish","has-post-thumbnail","hentry"],"acf":[],"_links":{"self":[{"href":"https:\/\/oportofortegroup.com\/fr\/wp-json\/wp\/v2\/event\/10444","targetHints":{"allow":["GET"]}}],"collection":[{"href":"https:\/\/oportofortegroup.com\/fr\/wp-json\/wp\/v2\/event"}],"about":[{"href":"https:\/\/oportofortegroup.com\/fr\/wp-json\/wp\/v2\/types\/event"}],"version-history":[{"count":40,"href":"https:\/\/oportofortegroup.com\/fr\/wp-json\/wp\/v2\/event\/10444\/revisions"}],"predecessor-version":[{"id":12190,"href":"https:\/\/oportofortegroup.com\/fr\/wp-json\/wp\/v2\/event\/10444\/revisions\/12190"}],"wp:featuredmedia":[{"embeddable":true,"href":"https:\/\/oportofortegroup.com\/fr\/wp-json\/wp\/v2\/media\/10498"}],"wp:attachment":[{"href":"https:\/\/oportofortegroup.com\/fr\/wp-json\/wp\/v2\/media?parent=10444"}],"curies":[{"name":"wp","href":"https:\/\/api.w.org\/{rel}","templated":true}]}}