{"id":17433,"date":"2026-08-24T08:23:03","date_gmt":"2026-08-24T08:23:03","guid":{"rendered":"https:\/\/oportofortegroup.com\/?post_type=event&#038;p=17433"},"modified":"2026-08-24T08:30:58","modified_gmt":"2026-08-24T08:30:58","slug":"webinar-eudr-2026-como-preparar-a-cadeia-de-fornecimento-brasileira-para-continuar-a-exportar-para-a-uniao-europeia","status":"publish","type":"event","link":"http:\/\/oportofortegroup.com\/pt\/eventos\/webinar-eudr-2026-como-preparar-a-cadeia-de-fornecimento-brasileira-para-continuar-a-exportar-para-a-uniao-europeia\/","title":{"rendered":"Webinar EUDR 2026: como preparar a cadeia de fornecimento brasileira para continuar a exportar para a Uni\u00e3o Europeia"},"content":{"rendered":"\t\t<div data-elementor-type=\"wp-post\" data-elementor-id=\"17433\" class=\"elementor elementor-17433\">\n\t\t\t\t<div class=\"elementor-element elementor-element-a0b0870 e-flex e-con-boxed e-con e-parent\" data-id=\"a0b0870\" data-element_type=\"container\" data-e-type=\"container\">\r\n\t\t\t\t\t<div class=\"e-con-inner\">\r\n\t\t\t\t<div class=\"elementor-element elementor-element-1dec51c elementor-widget elementor-widget-text-editor\" data-id=\"1dec51c\" data-element_type=\"widget\" data-e-type=\"widget\" data-widget_type=\"text-editor.default\">\n\t\t\t\t<div class=\"elementor-widget-container\">\n\t\t\t\t\t\t\t\t\t<p class=\"isSelectedEnd\"><strong>Webinar online e gratuito | 23 de setembro de 2026 | 16h \u2013 hor\u00e1rio de Bras\u00edlia<\/strong><\/p><p class=\"isSelectedEnd\">Empresas brasileiras que exportam ou pretendem exportar para a Uni\u00e3o Europeia produtos ligados \u00e0s cadeias de <strong>soja, caf\u00e9, cacau, bovinos, madeira, borracha ou \u00f3leo de palma &#8211; e determinados derivados &#8211; precisam se preparar para as novas exig\u00eancias do EUDR.<\/strong><\/p><p class=\"isSelectedEnd\">A partir de <strong>30 de dezembro de 2026<\/strong>, entram em aplica\u00e7\u00e3o novas exig\u00eancias para empresas abrangidas no mercado europeu. Na pr\u00e1tica, isso tamb\u00e9m impacta os fornecedores brasileiros, j\u00e1 que compradores europeus precisar\u00e3o contar com informa\u00e7\u00f5es mais estruturadas sobre <strong>origem, rastreabilidade, geolocaliza\u00e7\u00e3o e cadeia de fornecimento<\/strong>.<\/p><p class=\"isSelectedEnd\">Neste webinar de <strong>1 hora<\/strong>, o OFG \u2013 Oporto Forte Group vai apresentar, de forma clara e pr\u00e1tica, o que muda para as empresas brasileiras e quais pontos devem come\u00e7ar a ser avaliados desde j\u00e1.<\/p><h2>O que ser\u00e1 abordado<\/h2><ul><li class=\"isSelectedEnd\">O que \u00e9 o EUDR e quais produtos podem ser impactados<\/li><li class=\"isSelectedEnd\">As sete mat\u00e9rias-primas abrangidas e determinados derivados<\/li><li class=\"isSelectedEnd\">O que compradores europeus poder\u00e3o exigir dos fornecedores brasileiros<\/li><li class=\"isSelectedEnd\">Rastreabilidade da cadeia de fornecimento<\/li><li class=\"isSelectedEnd\">Geolocaliza\u00e7\u00e3o das \u00e1reas de produ\u00e7\u00e3o<\/li><li class=\"isSelectedEnd\">Documenta\u00e7\u00e3o e prepara\u00e7\u00e3o de fornecedores<\/li><li class=\"isSelectedEnd\">Principais gaps que as empresas devem identificar antes de dezembro de 2026<\/li><li class=\"isSelectedEnd\">Como estruturar a prepara\u00e7\u00e3o para continuar competitiva no mercado europeu<\/li><\/ul><h2>Para quem \u00e9 este webinar<\/h2><p class=\"isSelectedEnd\">A sess\u00e3o \u00e9 especialmente indicada para empresas brasileiras que j\u00e1 exportam ou pretendem exportar para a Uni\u00e3o Europeia.<\/p><h2>Prepare sua empresa para o novo cen\u00e1rio europeu<\/h2><p>Antecipar a prepara\u00e7\u00e3o para o EUDR pode ajudar a reduzir riscos, organizar a cadeia de fornecimento e fortalecer a capacidade da empresa de responder \u00e0s novas exig\u00eancias dos compradores europeus.<\/p>\t\t\t\t\t\t\t\t<\/div>\n\t\t\t\t<\/div>\n\t\t\t\t<div class=\"elementor-element elementor-element-8ea5133 elementor-align-center elementor-widget elementor-widget-button\" data-id=\"8ea5133\" data-element_type=\"widget\" data-e-type=\"widget\" data-widget_type=\"button.default\">\n\t\t\t\t<div class=\"elementor-widget-container\">\n\t\t\t\t\t\t\t\t\t<div class=\"elementor-button-wrapper\">\n\t\t\t\t\t<a class=\"elementor-button elementor-button-link elementor-size-sm\" href=\"https:\/\/materiais.oportofortegroup.com\/webinar-eudr-brasil\">\n\t\t\t\t\t\t<span class=\"elementor-button-content-wrapper\">\n\t\t\t\t\t\t\t\t\t<span class=\"elementor-button-text\">Inscreva-se gratuitamente<\/span>\n\t\t\t\t\t<\/span>\n\t\t\t\t\t<\/a>\n\t\t\t\t<\/div>\n\t\t\t\t\t\t\t\t<\/div>\n\t\t\t\t<\/div>\n\t\t\t\t\t<\/div>\n\t\t\t\t<\/div>\n\t\t\t\t<\/div>\n\t\t","protected":false},"excerpt":{"rendered":"<p>Webinar online e gratuito | 23 de setembro de 2026 | 16h \u2013 hor\u00e1rio de Bras\u00edlia Empresas brasileiras que exportam ou pretendem exportar para a Uni\u00e3o Europeia produtos ligados \u00e0s cadeias de soja, caf\u00e9, cacau, bovinos, madeira, borracha ou \u00f3leo de palma &#8211; e determinados derivados &#8211; precisam se preparar para as novas exig\u00eancias do [&hellip;]<\/p>\n","protected":false},"featured_media":17439,"menu_order":0,"template":"elementor_theme","event_cat":[146,148],"class_list":["post-17433","event","type-event","status-publish","has-post-thumbnail","hentry","event_cat-empresarial","event_cat-ofg"],"acf":[],"_links":{"self":[{"href":"http:\/\/oportofortegroup.com\/pt\/wp-json\/wp\/v2\/event\/17433","targetHints":{"allow":["GET"]}}],"collection":[{"href":"http:\/\/oportofortegroup.com\/pt\/wp-json\/wp\/v2\/event"}],"about":[{"href":"http:\/\/oportofortegroup.com\/pt\/wp-json\/wp\/v2\/types\/event"}],"version-history":[{"count":4,"href":"http:\/\/oportofortegroup.com\/pt\/wp-json\/wp\/v2\/event\/17433\/revisions"}],"predecessor-version":[{"id":17438,"href":"http:\/\/oportofortegroup.com\/pt\/wp-json\/wp\/v2\/event\/17433\/revisions\/17438"}],"wp:featuredmedia":[{"embeddable":true,"href":"http:\/\/oportofortegroup.com\/pt\/wp-json\/wp\/v2\/media\/17439"}],"wp:attachment":[{"href":"http:\/\/oportofortegroup.com\/pt\/wp-json\/wp\/v2\/media?parent=17433"}],"wp:term":[{"taxonomy":"event_cat","embeddable":true,"href":"http:\/\/oportofortegroup.com\/pt\/wp-json\/wp\/v2\/event_cat?post=17433"}],"curies":[{"name":"wp","href":"https:\/\/api.w.org\/{rel}","templated":true}]}}