{"id":17433,"date":"2026-08-24T08:23:03","date_gmt":"2026-08-24T08:23:03","guid":{"rendered":"https:\/\/oportofortegroup.com\/?post_type=event&#038;p=17433"},"modified":"2026-08-24T08:30:58","modified_gmt":"2026-08-24T08:30:58","slug":"webinaire-eudr-2026-comment-preparer-la-chaine-dapprovisionnement-bresilienne-pour-continuer-a-exporter-vers-lunion-europeenne","status":"publish","type":"event","link":"http:\/\/oportofortegroup.com\/fr\/eventos\/webinar-eudr-2026-como-preparar-a-cadeia-de-fornecimento-brasileira-para-continuar-a-exportar-para-a-uniao-europeia\/","title":{"rendered":"Webinaire EUDR 2026 : comment pr\u00e9parer la cha\u00eene d'approvisionnement br\u00e9silienne pour continuer \u00e0 exporter vers l'Union europ\u00e9enne"},"content":{"rendered":"<div data-elementor-type=\"wp-post\" data-elementor-id=\"17433\" class=\"elementor elementor-17433\">\n\t\t\t\t<div class=\"elementor-element elementor-element-a0b0870 e-flex e-con-boxed e-con e-parent\" data-id=\"a0b0870\" data-element_type=\"container\" data-e-type=\"container\">\r\n\t\t\t\t\t<div class=\"e-con-inner\">\r\n\t\t\t\t<div class=\"elementor-element elementor-element-1dec51c elementor-widget elementor-widget-text-editor\" data-id=\"1dec51c\" data-element_type=\"widget\" data-e-type=\"widget\" data-widget_type=\"text-editor.default\">\n\t\t\t\t<div class=\"elementor-widget-container\">\n\t\t\t\t\t\t\t\t\t<p class=\"isSelectedEnd\"><strong>Webinaire en ligne et gratuit | 23 septembre 2026 | 16h00 \u2013 heure de Bras\u00edlia<\/strong><\/p><p class=\"isSelectedEnd\">Entreprises br\u00e9siliennes qui exportent ou ont l'intention d'exporter vers l'Union europ\u00e9enne des produits li\u00e9s aux cha\u00eenes de <strong>le soja, le caf\u00e9, le cacao, les bovins, le bois, le caoutchouc ou l'huile de palme \u2013 et certains d\u00e9riv\u00e9s \u2013 doivent se pr\u00e9parer aux nouvelles exigences du r\u00e8glement EUDR.<\/strong><\/p><p class=\"isSelectedEnd\">\u00c0 partir de <strong>30 d\u00e9cembre 2026<\/strong>, de nouvelles exigences entrent en vigueur pour les entreprises couvertes par le march\u00e9 europ\u00e9en. En pratique, cela a \u00e9galement un impact sur les fournisseurs br\u00e9siliens, puisque les acheteurs europ\u00e9ens devront disposer d'informations plus structur\u00e9es concernant <strong>origine, tra\u00e7abilit\u00e9, g\u00e9olocalisation et cha\u00eene d'approvisionnement<\/strong>.<\/p><p class=\"isSelectedEnd\">Dans ce webinaire de <strong>1 heure<\/strong>, le OFG \u2013 Oporto Forte Group pr\u00e9sentera, de mani\u00e8re claire et pratique, ce qui change pour les entreprises br\u00e9siliennes et quels points doivent commencer \u00e0 \u00eatre \u00e9valu\u00e9s d\u00e8s \u00e0 pr\u00e9sent.<\/p><h2>Ce qui sera abord\u00e9<\/h2><ul><li class=\"isSelectedEnd\">Qu'est-ce que l'EUDR et quels produits peuvent \u00eatre impact\u00e9s<\/li><li class=\"isSelectedEnd\">Les sept mati\u00e8res premi\u00e8res concern\u00e9es et certains d\u00e9riv\u00e9s<\/li><li class=\"isSelectedEnd\">Ce que les acheteurs europ\u00e9ens pourront exiger des fournisseurs br\u00e9siliens<\/li><li class=\"isSelectedEnd\">Tra\u00e7abilit\u00e9 de la cha\u00eene d&#x27;approvisionnement<\/li><li class=\"isSelectedEnd\">G\u00e9olocalisation des zones de production<\/li><li class=\"isSelectedEnd\">Documentation et pr\u00e9paration des fournisseurs<\/li><li class=\"isSelectedEnd\">Principales lacunes que les entreprises doivent identifier avant d\u00e9cembre 2026<\/li><li class=\"isSelectedEnd\">Comment s&#x27;organiser pour rester comp\u00e9titif sur le march\u00e9 europ\u00e9en<\/li><\/ul><h2>Pour qui est ce webinaire<\/h2><p class=\"isSelectedEnd\">La s\u00e9ance est particuli\u00e8rement indiqu\u00e9e pour les entreprises br\u00e9siliennes qui exportent d\u00e9j\u00e0 ou ont l'intention d'exporter vers l'Union europ\u00e9enne.<\/p><h2>Pr\u00e9parez votre entreprise au nouveau contexte europ\u00e9en<\/h2><p>Se pr\u00e9parer \u00e0 l&#x27;avance \u00e0 l&#x27;EUDR peut contribuer \u00e0 r\u00e9duire les risques, \u00e0 organiser la cha\u00eene d&#x27;approvisionnement et \u00e0 renforcer la capacit\u00e9 de l&#x27;entreprise \u00e0 r\u00e9pondre aux nouvelles exigences des acheteurs europ\u00e9ens.<\/p>\t\t\t\t\t\t\t\t<\/div>\n\t\t\t\t<\/div>\n\t\t\t\t<div class=\"elementor-element elementor-element-8ea5133 elementor-align-center elementor-widget elementor-widget-button\" data-id=\"8ea5133\" data-element_type=\"widget\" data-e-type=\"widget\" data-widget_type=\"button.default\">\n\t\t\t\t<div class=\"elementor-widget-container\">\n\t\t\t\t\t\t\t\t\t<div class=\"elementor-button-wrapper\">\n\t\t\t\t\t<a class=\"elementor-button elementor-button-link elementor-size-sm\" href=\"https:\/\/materiais.oportofortegroup.com\/webinar-eudr-brasil\">\n\t\t\t\t\t\t<span class=\"elementor-button-content-wrapper\">\n\t\t\t\t\t\t\t\t\t<span class=\"elementor-button-text\">Inscrivez-vous gratuitement<\/span>\n\t\t\t\t\t<\/span>\n\t\t\t\t\t<\/a>\n\t\t\t\t<\/div>\n\t\t\t\t\t\t\t\t<\/div>\n\t\t\t\t<\/div>\n\t\t\t\t\t<\/div>\n\t\t\t\t<\/div>\n\t\t\t\t<\/div>","protected":false},"excerpt":{"rendered":"<p>Webinar online e gratuito | 23 de setembro de 2026 | 16h \u2013 hor\u00e1rio de Bras\u00edlia Empresas brasileiras que exportam ou pretendem exportar para a Uni\u00e3o Europeia produtos ligados \u00e0s cadeias de soja, caf\u00e9, cacau, bovinos, madeira, borracha ou \u00f3leo de palma &#8211; e determinados derivados &#8211; precisam se preparar para as novas exig\u00eancias do [&hellip;]<\/p>\n","protected":false},"featured_media":17439,"menu_order":0,"template":"elementor_theme","event_cat":[146,148],"class_list":["post-17433","event","type-event","status-publish","has-post-thumbnail","hentry","event_cat-empresarial","event_cat-ofg"],"acf":[],"_links":{"self":[{"href":"http:\/\/oportofortegroup.com\/fr\/wp-json\/wp\/v2\/event\/17433","targetHints":{"allow":["GET"]}}],"collection":[{"href":"http:\/\/oportofortegroup.com\/fr\/wp-json\/wp\/v2\/event"}],"about":[{"href":"http:\/\/oportofortegroup.com\/fr\/wp-json\/wp\/v2\/types\/event"}],"version-history":[{"count":4,"href":"http:\/\/oportofortegroup.com\/fr\/wp-json\/wp\/v2\/event\/17433\/revisions"}],"predecessor-version":[{"id":17438,"href":"http:\/\/oportofortegroup.com\/fr\/wp-json\/wp\/v2\/event\/17433\/revisions\/17438"}],"wp:featuredmedia":[{"embeddable":true,"href":"http:\/\/oportofortegroup.com\/fr\/wp-json\/wp\/v2\/media\/17439"}],"wp:attachment":[{"href":"http:\/\/oportofortegroup.com\/fr\/wp-json\/wp\/v2\/media?parent=17433"}],"wp:term":[{"taxonomy":"event_cat","embeddable":true,"href":"http:\/\/oportofortegroup.com\/fr\/wp-json\/wp\/v2\/event_cat?post=17433"}],"curies":[{"name":"wp","href":"https:\/\/api.w.org\/{rel}","templated":true}]}}